{"id":178,"date":"2023-05-23T13:16:35","date_gmt":"2023-05-23T13:16:35","guid":{"rendered":"https:\/\/vdi.grupoamper.com\/?page_id=178"},"modified":"2023-05-24T16:38:09","modified_gmt":"2023-05-24T16:38:09","slug":"sobre-vdi","status":"publish","type":"page","link":"https:\/\/vdi.grupoamper.com\/es\/sobre-vdi\/","title":{"rendered":"Sobre VDI"},"content":{"rendered":"\t\t<div data-elementor-type=\"wp-page\" data-elementor-id=\"178\" class=\"elementor elementor-178\" data-elementor-post-type=\"page\">\n\t\t\t\t\t\t<section class=\"elementor-section elementor-top-section elementor-element elementor-element-97d0425 elementor-section-full_width elementor-section-stretched elementor-section-height-default elementor-section-height-default\" data-id=\"97d0425\" data-element_type=\"section\" data-settings=\"{&quot;stretch_section&quot;:&quot;section-stretched&quot;}\">\n\t\t\t\t\t\t<div class=\"elementor-container elementor-column-gap-default\">\n\t\t\t\t\t<div class=\"elementor-column elementor-col-100 elementor-top-column elementor-element elementor-element-eae0b4c\" data-id=\"eae0b4c\" data-element_type=\"column\">\n\t\t\t<div class=\"elementor-widget-wrap elementor-element-populated\">\n\t\t\t\t\t\t<div class=\"elementor-element elementor-element-cd66ab1 elementor-widget elementor-widget-image\" data-id=\"cd66ab1\" data-element_type=\"widget\" data-widget_type=\"image.default\">\n\t\t\t\t<div class=\"elementor-widget-container\">\n\t\t\t\t\t\t\t\t\t\t\t\t\t\t\t<img fetchpriority=\"high\" decoding=\"async\" width=\"2560\" height=\"1225\" src=\"https:\/\/vdi.grupoamper.com\/wp-content\/uploads\/2023\/05\/colegas-dando-golpe-puno-scaled.jpg\" class=\"attachment-full size-full wp-image-181\" alt=\"\" srcset=\"https:\/\/vdi.grupoamper.com\/wp-content\/uploads\/2023\/05\/colegas-dando-golpe-puno-scaled.jpg 2560w, https:\/\/vdi.grupoamper.com\/wp-content\/uploads\/2023\/05\/colegas-dando-golpe-puno-300x144.jpg 300w, https:\/\/vdi.grupoamper.com\/wp-content\/uploads\/2023\/05\/colegas-dando-golpe-puno-1024x490.jpg 1024w, https:\/\/vdi.grupoamper.com\/wp-content\/uploads\/2023\/05\/colegas-dando-golpe-puno-768x367.jpg 768w, https:\/\/vdi.grupoamper.com\/wp-content\/uploads\/2023\/05\/colegas-dando-golpe-puno-1536x735.jpg 1536w, https:\/\/vdi.grupoamper.com\/wp-content\/uploads\/2023\/05\/colegas-dando-golpe-puno-2048x980.jpg 2048w, https:\/\/vdi.grupoamper.com\/wp-content\/uploads\/2023\/05\/colegas-dando-golpe-puno-2000x957.jpg 2000w, https:\/\/vdi.grupoamper.com\/wp-content\/uploads\/2023\/05\/colegas-dando-golpe-puno-scaled-18x9.jpg 18w\" sizes=\"100vw\" \/>\t\t\t\t\t\t\t\t\t\t\t\t\t\t\t<\/div>\n\t\t\t\t<\/div>\n\t\t\t\t\t<\/div>\n\t\t<\/div>\n\t\t\t\t\t<\/div>\n\t\t<\/section>\n\t\t\t\t<section class=\"elementor-section elementor-top-section elementor-element elementor-element-a80f7a4 elementor-section-stretched elementor-section-boxed elementor-section-height-default elementor-section-height-default\" data-id=\"a80f7a4\" data-element_type=\"section\" data-settings=\"{&quot;stretch_section&quot;:&quot;section-stretched&quot;}\">\n\t\t\t\t\t\t<div class=\"elementor-container elementor-column-gap-default\">\n\t\t\t\t\t<div class=\"elementor-column elementor-col-100 elementor-top-column elementor-element elementor-element-aa50e48\" data-id=\"aa50e48\" data-element_type=\"column\">\n\t\t\t<div class=\"elementor-widget-wrap elementor-element-populated\">\n\t\t\t\t\t\t<div class=\"elementor-element elementor-element-abc26b6 elementor-widget elementor-widget-spacer\" data-id=\"abc26b6\" data-element_type=\"widget\" data-widget_type=\"spacer.default\">\n\t\t\t\t<div class=\"elementor-widget-container\">\n\t\t\t\t\t\t\t<div class=\"elementor-spacer\">\n\t\t\t<div class=\"elementor-spacer-inner\"><\/div>\n\t\t<\/div>\n\t\t\t\t\t\t<\/div>\n\t\t\t\t<\/div>\n\t\t\t\t<div class=\"elementor-element elementor-element-4419e6a elementor-widget elementor-widget-heading\" data-id=\"4419e6a\" data-element_type=\"widget\" data-widget_type=\"heading.default\">\n\t\t\t\t<div class=\"elementor-widget-container\">\n\t\t\t\t\t<h2 class=\"elementor-heading-title elementor-size-default\">Nosotros<\/h2>\t\t\t\t<\/div>\n\t\t\t\t<\/div>\n\t\t\t\t<section class=\"elementor-section elementor-inner-section elementor-element elementor-element-235f415 elementor-section-boxed elementor-section-height-default elementor-section-height-default\" data-id=\"235f415\" data-element_type=\"section\">\n\t\t\t\t\t\t<div class=\"elementor-container elementor-column-gap-default\">\n\t\t\t\t\t<div class=\"elementor-column elementor-col-33 elementor-inner-column elementor-element elementor-element-221f557\" data-id=\"221f557\" data-element_type=\"column\">\n\t\t\t<div class=\"elementor-widget-wrap\">\n\t\t\t\t\t\t\t<\/div>\n\t\t<\/div>\n\t\t\t\t<div class=\"elementor-column elementor-col-33 elementor-inner-column elementor-element elementor-element-81361fb\" data-id=\"81361fb\" data-element_type=\"column\">\n\t\t\t<div class=\"elementor-widget-wrap elementor-element-populated\">\n\t\t\t\t\t\t<div class=\"elementor-element elementor-element-10bc797 elementor-widget__width-initial elementor-widget elementor-widget-text-editor\" data-id=\"10bc797\" data-element_type=\"widget\" data-widget_type=\"text-editor.default\">\n\t\t\t\t<div class=\"elementor-widget-container\">\n\t\t\t\t\t\t\t\t\t<p><span style=\"font-size: 11.0pt; font-family: 'Calibri','sans-serif'; mso-ascii-theme-font: minor-latin; mso-hansi-theme-font: minor-latin; mso-bidi-theme-font: minor-latin; color: black;\">VDI Channel se constituye como un operador neutro que ofrece soluciones de conectividad e infraestructuras en los sectores de las Telecomunicaciones y de la Sociedad de la Informaci\u00f3n (TIC) tanto en Espa\u00f1a, como en Portugal.<\/span><\/p><p><span style=\"color: black; font-family: Calibri, 'sans-serif'; font-size: 11pt; font-style: var( --e-global-typography-text-font-style ); font-weight: var( --e-global-typography-text-font-weight ); letter-spacing: var( --e-global-typography-text-letter-spacing ); text-transform: var( --e-global-typography-text-text-transform ); background-color: var( --e-global-color-1b77cfb );\">Tiene como objetivo convertirse en un proveedor de referencia para los principales Carriers, Hiperscalers y Operadores ISP tanto Locales, Nacionales como Internacionales. Para ello, aportamos soluciones de infraestructura conectada y servicios especializados en Cloud.<\/span><\/p><p><span style=\"font-size: 11.0pt; font-family: 'Calibri','sans-serif'; mso-ascii-theme-font: minor-latin; mso-hansi-theme-font: minor-latin; mso-bidi-theme-font: minor-latin; color: black;\">Origen Empresarial:<\/span><\/p><p><span style=\"font-size: 11.0pt; font-family: 'Calibri','sans-serif'; mso-ascii-theme-font: minor-latin; mso-hansi-theme-font: minor-latin; mso-bidi-theme-font: minor-latin; color: black;\">Est\u00e1 participada por empresas con amplia experiencia y reconocimiento en el sector TIC e industrial:<\/span><\/p><p><span style=\"font-size: 11.0pt; font-family: 'Calibri','sans-serif'; mso-ascii-theme-font: minor-latin; mso-hansi-theme-font: minor-latin; mso-bidi-theme-font: minor-latin; color: black;\">\u00d8 Grupo AMPER (Amper Sistemas, 70%). \u2013 Compartir noticia<\/span><\/p><p><span style=\"color: black; font-family: Calibri, 'sans-serif'; font-size: 11pt; font-style: var( --e-global-typography-text-font-style ); font-weight: var( --e-global-typography-text-font-weight ); letter-spacing: var( --e-global-typography-text-letter-spacing ); text-transform: var( --e-global-typography-text-text-transform ); background-color: var( --e-global-color-1b77cfb );\">\u00d8 ESPACIO RACK (30%). Provisi\u00f3n de servicios IaaS, PaaS en entornos Cloud Provisi\u00f3n de aplicaciones y servicios B2B. Dispone de una Red de Centros de Datos y Nube P\u00fablica a nivel nacional (v\u00e9ase mapa).<\/span><\/p>\t\t\t\t\t\t\t\t<\/div>\n\t\t\t\t<\/div>\n\t\t\t\t\t<\/div>\n\t\t<\/div>\n\t\t\t\t<div class=\"elementor-column elementor-col-33 elementor-inner-column elementor-element elementor-element-e90ad86\" data-id=\"e90ad86\" data-element_type=\"column\">\n\t\t\t<div class=\"elementor-widget-wrap\">\n\t\t\t\t\t\t\t<\/div>\n\t\t<\/div>\n\t\t\t\t\t<\/div>\n\t\t<\/section>\n\t\t\t\t\t<\/div>\n\t\t<\/div>\n\t\t\t\t\t<\/div>\n\t\t<\/section>\n\t\t\t\t<section class=\"elementor-section elementor-top-section elementor-element elementor-element-ec4efb3 elementor-section-stretched elementor-section-boxed elementor-section-height-default elementor-section-height-default\" data-id=\"ec4efb3\" data-element_type=\"section\" data-settings=\"{&quot;stretch_section&quot;:&quot;section-stretched&quot;}\">\n\t\t\t\t\t\t<div class=\"elementor-container elementor-column-gap-default\">\n\t\t\t\t\t<div class=\"elementor-column elementor-col-100 elementor-top-column elementor-element elementor-element-ea37fb6\" data-id=\"ea37fb6\" data-element_type=\"column\">\n\t\t\t<div class=\"elementor-widget-wrap elementor-element-populated\">\n\t\t\t\t\t\t<div class=\"elementor-element elementor-element-aa284f5 elementor-widget elementor-widget-heading\" data-id=\"aa284f5\" data-element_type=\"widget\" data-widget_type=\"heading.default\">\n\t\t\t\t<div class=\"elementor-widget-container\">\n\t\t\t\t\t<h2 class=\"elementor-heading-title elementor-size-default\">Historia de una alianza<\/h2>\t\t\t\t<\/div>\n\t\t\t\t<\/div>\n\t\t\t\t<section class=\"elementor-section elementor-inner-section elementor-element elementor-element-1a3da36 elementor-section-boxed elementor-section-height-default elementor-section-height-default\" data-id=\"1a3da36\" data-element_type=\"section\">\n\t\t\t\t\t\t<div class=\"elementor-container elementor-column-gap-default\">\n\t\t\t\t\t<div class=\"elementor-column elementor-col-50 elementor-inner-column elementor-element elementor-element-756c261\" data-id=\"756c261\" data-element_type=\"column\">\n\t\t\t<div class=\"elementor-widget-wrap elementor-element-populated\">\n\t\t\t\t\t\t<div class=\"elementor-element elementor-element-15765f6 elementor-widget elementor-widget-image\" data-id=\"15765f6\" data-element_type=\"widget\" data-widget_type=\"image.default\">\n\t\t\t\t<div class=\"elementor-widget-container\">\n\t\t\t\t\t\t\t\t\t\t\t\t\t\t\t<img decoding=\"async\" width=\"600\" height=\"352\" src=\"https:\/\/vdi.grupoamper.com\/wp-content\/uploads\/2023\/05\/noticia-empresa-amper-y-espaciorack.jpg\" class=\"attachment-full size-full wp-image-238\" alt=\"\" srcset=\"https:\/\/vdi.grupoamper.com\/wp-content\/uploads\/2023\/05\/noticia-empresa-amper-y-espaciorack.jpg 600w, https:\/\/vdi.grupoamper.com\/wp-content\/uploads\/2023\/05\/noticia-empresa-amper-y-espaciorack-300x176.jpg 300w, https:\/\/vdi.grupoamper.com\/wp-content\/uploads\/2023\/05\/noticia-empresa-amper-y-espaciorack-18x12.jpg 18w\" sizes=\"100vw\" \/>\t\t\t\t\t\t\t\t\t\t\t\t\t\t\t<\/div>\n\t\t\t\t<\/div>\n\t\t\t\t\t<\/div>\n\t\t<\/div>\n\t\t\t\t<div class=\"elementor-column elementor-col-50 elementor-inner-column elementor-element elementor-element-129c4de\" data-id=\"129c4de\" data-element_type=\"column\">\n\t\t\t<div class=\"elementor-widget-wrap elementor-element-populated\">\n\t\t\t\t\t\t<div class=\"elementor-element elementor-element-32608d0 elementor-widget elementor-widget-text-editor\" data-id=\"32608d0\" data-element_type=\"widget\" data-widget_type=\"text-editor.default\">\n\t\t\t\t<div class=\"elementor-widget-container\">\n\t\t\t\t\t\t\t\t\t<p>Lorem fistrum por la gloria de mi madre esse jarl aliqua llevame al sircoo. De la pradera ullamco qu\u00e9 dise usteer est\u00e1 la cosa muy malar.<span style=\"color: var( --e-global-color-text ); font-family: var( --e-global-typography-text-font-family ), Sans-serif; font-size: var( --e-global-typography-text-font-size ); font-style: var( --e-global-typography-text-font-style ); font-weight: var( --e-global-typography-text-font-weight ); letter-spacing: var( --e-global-typography-text-letter-spacing ); text-transform: var( --e-global-typography-text-text-transform ); background-color: var( --e-global-color-1b77cfb );\">Lorem fistrum por la gloria de mi madre esse jarl aliqua llevame al sircoo. De la pradera ullamco qu\u00e9 dise usteer est\u00e1 la cosa muy malar.<\/span><span style=\"color: var( --e-global-color-text ); font-family: var( --e-global-typography-text-font-family ), Sans-serif; font-size: var( --e-global-typography-text-font-size ); font-style: var( --e-global-typography-text-font-style ); font-weight: var( --e-global-typography-text-font-weight ); letter-spacing: var( --e-global-typography-text-letter-spacing ); text-transform: var( --e-global-typography-text-text-transform ); background-color: var( --e-global-color-1b77cfb );\">Lorem fistrum por la gloria de mi madre esse jarl aliqua llevame al sircoo. De la pradera ullamco qu\u00e9 dise usteer est\u00e1 la cosa muy malar.<\/span><span style=\"color: var( --e-global-color-text ); font-family: var( --e-global-typography-text-font-family ), Sans-serif; font-size: var( --e-global-typography-text-font-size ); font-style: var( --e-global-typography-text-font-style ); font-weight: var( --e-global-typography-text-font-weight ); letter-spacing: var( --e-global-typography-text-letter-spacing ); text-transform: var( --e-global-typography-text-text-transform ); background-color: var( --e-global-color-1b77cfb );\">Lorem fistrum por la gloria de mi madre esse jarl aliqua llevame al sircoo. De la pradera ullamco qu\u00e9 dise usteer est\u00e1 la cosa muy malar.<\/span><span style=\"color: var( --e-global-color-text ); font-family: var( --e-global-typography-text-font-family ), Sans-serif; font-size: var( --e-global-typography-text-font-size ); font-style: var( --e-global-typography-text-font-style ); font-weight: var( --e-global-typography-text-font-weight ); letter-spacing: var( --e-global-typography-text-letter-spacing ); text-transform: var( --e-global-typography-text-text-transform ); background-color: var( --e-global-color-1b77cfb );\">Lorem fistrum por la gloria de mi madre esse jarl aliqua llevame al sircoo. De la pradera ullamco qu\u00e9 dise usteer est\u00e1 la cosa muy malar.<\/span><span style=\"color: var( --e-global-color-text ); font-family: var( --e-global-typography-text-font-family ), Sans-serif; font-size: var( --e-global-typography-text-font-size ); font-style: var( --e-global-typography-text-font-style ); font-weight: var( --e-global-typography-text-font-weight ); letter-spacing: var( --e-global-typography-text-letter-spacing ); text-transform: var( --e-global-typography-text-text-transform ); background-color: var( --e-global-color-1b77cfb );\">Lorem fistrum por la gloria de mi madre esse jarl aliqua llevame al sircoo. De la pradera ullamco qu\u00e9 dise usteer est\u00e1 la cosa muy malar.<\/span><span style=\"color: var( --e-global-color-text ); font-family: var( --e-global-typography-text-font-family ), Sans-serif; font-size: var( --e-global-typography-text-font-size ); font-style: var( --e-global-typography-text-font-style ); font-weight: var( --e-global-typography-text-font-weight ); letter-spacing: var( --e-global-typography-text-letter-spacing ); text-transform: var( --e-global-typography-text-text-transform ); background-color: var( --e-global-color-1b77cfb );\">Lorem fistrum por la gloria de mi madre esse jarl aliqua llevame al sircoo. De la pradera ullamco qu\u00e9 dise usteer est\u00e1 la cosa muy malar.<\/span><span style=\"color: var( --e-global-color-text ); font-family: var( --e-global-typography-text-font-family ), Sans-serif; font-size: var( --e-global-typography-text-font-size ); font-style: var( --e-global-typography-text-font-style ); font-weight: var( --e-global-typography-text-font-weight ); letter-spacing: var( --e-global-typography-text-letter-spacing ); text-transform: var( --e-global-typography-text-text-transform ); background-color: var( --e-global-color-1b77cfb );\">Lorem fistrum por la gloria de mi madre esse jarl aliqua llevame al sircoo. De la pradera ullamco qu\u00e9 dise usteer est\u00e1 la cosa muy malar.<\/span><span style=\"color: var( --e-global-color-text ); font-family: var( --e-global-typography-text-font-family ), Sans-serif; font-size: var( --e-global-typography-text-font-size ); font-style: var( --e-global-typography-text-font-style ); font-weight: var( --e-global-typography-text-font-weight ); letter-spacing: var( --e-global-typography-text-letter-spacing ); text-transform: var( --e-global-typography-text-text-transform ); background-color: var( --e-global-color-1b77cfb );\">Lorem fistrum por la gloria de mi madre esse jarl aliqua llevame al sircoo. De la pradera ullamco qu\u00e9 dise usteer est\u00e1 la cosa muy malar.<\/span><span style=\"color: var( --e-global-color-text ); font-family: var( --e-global-typography-text-font-family ), Sans-serif; font-size: var( --e-global-typography-text-font-size ); font-style: var( --e-global-typography-text-font-style ); font-weight: var( --e-global-typography-text-font-weight ); letter-spacing: var( --e-global-typography-text-letter-spacing ); text-transform: var( --e-global-typography-text-text-transform ); background-color: var( --e-global-color-1b77cfb );\">Lorem fistrum por la gloria de mi madre esse jarl aliqua llevame al sircoo. De la pradera ullamco qu\u00e9 dise usteer est\u00e1 la cosa muy malar.<\/span><span style=\"color: var( --e-global-color-text ); font-family: var( --e-global-typography-text-font-family ), Sans-serif; font-size: var( --e-global-typography-text-font-size ); font-style: var( --e-global-typography-text-font-style ); font-weight: var( --e-global-typography-text-font-weight ); letter-spacing: var( --e-global-typography-text-letter-spacing ); text-transform: var( --e-global-typography-text-text-transform ); background-color: var( --e-global-color-1b77cfb );\">Lorem fistrum por la gloria de mi madre esse jarl aliqua llevame al sircoo. De la pradera ullamco qu\u00e9 dise usteer est\u00e1 la cosa muy malar.<\/span><span style=\"color: var( --e-global-color-text ); font-family: var( --e-global-typography-text-font-family ), Sans-serif; font-size: var( --e-global-typography-text-font-size ); font-style: var( --e-global-typography-text-font-style ); font-weight: var( --e-global-typography-text-font-weight ); letter-spacing: var( --e-global-typography-text-letter-spacing ); text-transform: var( --e-global-typography-text-text-transform ); background-color: var( --e-global-color-1b77cfb );\">Lorem fistrum por la gloria de mi madre esse jarl aliqua llevame al sircoo. De la pradera ullamco qu\u00e9 dise usteer est\u00e1 la cosa muy malar.<\/span><\/p>\t\t\t\t\t\t\t\t<\/div>\n\t\t\t\t<\/div>\n\t\t\t\t\t<\/div>\n\t\t<\/div>\n\t\t\t\t\t<\/div>\n\t\t<\/section>\n\t\t\t\t\t<\/div>\n\t\t<\/div>\n\t\t\t\t\t<\/div>\n\t\t<\/section>\n\t\t\t\t<section class=\"elementor-section elementor-top-section elementor-element elementor-element-9c32f6d elementor-section-stretched elementor-section-boxed elementor-section-height-default elementor-section-height-default\" data-id=\"9c32f6d\" data-element_type=\"section\" data-settings=\"{&quot;stretch_section&quot;:&quot;section-stretched&quot;}\">\n\t\t\t\t\t\t<div class=\"elementor-container elementor-column-gap-default\">\n\t\t\t\t\t<div class=\"elementor-column elementor-col-100 elementor-top-column elementor-element elementor-element-37bcd0d\" data-id=\"37bcd0d\" data-element_type=\"column\">\n\t\t\t<div class=\"elementor-widget-wrap elementor-element-populated\">\n\t\t\t\t\t\t<div class=\"elementor-element elementor-element-3872f65 elementor-widget elementor-widget-spacer\" data-id=\"3872f65\" data-element_type=\"widget\" data-widget_type=\"spacer.default\">\n\t\t\t\t<div class=\"elementor-widget-container\">\n\t\t\t\t\t\t\t<div class=\"elementor-spacer\">\n\t\t\t<div class=\"elementor-spacer-inner\"><\/div>\n\t\t<\/div>\n\t\t\t\t\t\t<\/div>\n\t\t\t\t<\/div>\n\t\t\t\t\t<\/div>\n\t\t<\/div>\n\t\t\t\t\t<\/div>\n\t\t<\/section>\n\t\t\t\t<section class=\"elementor-section elementor-top-section elementor-element elementor-element-5c073e1 elementor-section-full_width elementor-section-stretched elementor-section-height-default elementor-section-height-default\" data-id=\"5c073e1\" data-element_type=\"section\" data-settings=\"{&quot;stretch_section&quot;:&quot;section-stretched&quot;}\">\n\t\t\t\t\t\t<div class=\"elementor-container elementor-column-gap-default\">\n\t\t\t\t\t<div class=\"elementor-column elementor-col-25 elementor-top-column elementor-element elementor-element-0909b55\" data-id=\"0909b55\" data-element_type=\"column\">\n\t\t\t<div class=\"elementor-widget-wrap\">\n\t\t\t\t\t\t\t<\/div>\n\t\t<\/div>\n\t\t\t\t<div class=\"elementor-column elementor-col-25 elementor-top-column elementor-element elementor-element-48a63f8\" data-id=\"48a63f8\" data-element_type=\"column\">\n\t\t\t<div class=\"elementor-widget-wrap elementor-element-populated\">\n\t\t\t\t\t\t<div class=\"elementor-element elementor-element-2c901fa elementor-widget elementor-widget-spacer\" data-id=\"2c901fa\" data-element_type=\"widget\" data-widget_type=\"spacer.default\">\n\t\t\t\t<div class=\"elementor-widget-container\">\n\t\t\t\t\t\t\t<div class=\"elementor-spacer\">\n\t\t\t<div class=\"elementor-spacer-inner\"><\/div>\n\t\t<\/div>\n\t\t\t\t\t\t<\/div>\n\t\t\t\t<\/div>\n\t\t\t\t<div class=\"elementor-element elementor-element-c05745f elementor-widget elementor-widget-text-editor\" data-id=\"c05745f\" data-element_type=\"widget\" data-widget_type=\"text-editor.default\">\n\t\t\t\t<div class=\"elementor-widget-container\">\n\t\t\t\t\t\t\t\t\t<h3><strong>\u00abFrase muy motivadora y \u00e9pica, con profundidad sobre nosotros\u00bb<\/strong><\/h3>\t\t\t\t\t\t\t\t<\/div>\n\t\t\t\t<\/div>\n\t\t\t\t\t<\/div>\n\t\t<\/div>\n\t\t\t\t<div class=\"elementor-column elementor-col-25 elementor-top-column elementor-element elementor-element-15662e5\" data-id=\"15662e5\" data-element_type=\"column\">\n\t\t\t<div class=\"elementor-widget-wrap elementor-element-populated\">\n\t\t\t\t\t\t<div class=\"elementor-element elementor-element-cc4fbbc elementor-widget elementor-widget-image\" data-id=\"cc4fbbc\" data-element_type=\"widget\" data-widget_type=\"image.default\">\n\t\t\t\t<div class=\"elementor-widget-container\">\n\t\t\t\t\t\t\t\t\t\t\t\t\t\t\t<img decoding=\"async\" width=\"683\" height=\"1024\" src=\"https:\/\/vdi.grupoamper.com\/wp-content\/uploads\/2023\/05\/hombre-negocios-brazos-cruzados-683x1024.jpg\" class=\"attachment-large size-large wp-image-239\" alt=\"\" srcset=\"https:\/\/vdi.grupoamper.com\/wp-content\/uploads\/2023\/05\/hombre-negocios-brazos-cruzados-683x1024.jpg 683w, https:\/\/vdi.grupoamper.com\/wp-content\/uploads\/2023\/05\/hombre-negocios-brazos-cruzados-200x300.jpg 200w, https:\/\/vdi.grupoamper.com\/wp-content\/uploads\/2023\/05\/hombre-negocios-brazos-cruzados-768x1151.jpg 768w, https:\/\/vdi.grupoamper.com\/wp-content\/uploads\/2023\/05\/hombre-negocios-brazos-cruzados-1025x1536.jpg 1025w, https:\/\/vdi.grupoamper.com\/wp-content\/uploads\/2023\/05\/hombre-negocios-brazos-cruzados-1367x2048.jpg 1367w, https:\/\/vdi.grupoamper.com\/wp-content\/uploads\/2023\/05\/hombre-negocios-brazos-cruzados-2000x2997.jpg 2000w, https:\/\/vdi.grupoamper.com\/wp-content\/uploads\/2023\/05\/hombre-negocios-brazos-cruzados-scaled-8x12.jpg 8w, https:\/\/vdi.grupoamper.com\/wp-content\/uploads\/2023\/05\/hombre-negocios-brazos-cruzados-scaled.jpg 1708w\" sizes=\"100vw\" \/>\t\t\t\t\t\t\t\t\t\t\t\t\t\t\t<\/div>\n\t\t\t\t<\/div>\n\t\t\t\t\t<\/div>\n\t\t<\/div>\n\t\t\t\t<div class=\"elementor-column elementor-col-25 elementor-top-column elementor-element elementor-element-9830ab6\" data-id=\"9830ab6\" data-element_type=\"column\">\n\t\t\t<div class=\"elementor-widget-wrap\">\n\t\t\t\t\t\t\t<\/div>\n\t\t<\/div>\n\t\t\t\t\t<\/div>\n\t\t<\/section>\n\t\t\t\t<\/div>\n\t\t","protected":false},"excerpt":{"rendered":"<p>Nosotros VDI Channel se constituye como un operador neutro que ofrece soluciones de conectividad e infraestructuras en los sectores de las Telecomunicaciones y de la Sociedad de la Informaci\u00f3n (TIC) tanto en Espa\u00f1a, como en Portugal. Tiene como objetivo convertirse en un proveedor de referencia para los principales Carriers, Hiperscalers y Operadores ISP tanto Locales, &hellip; <\/p>\n<p class=\"link-more\"><a href=\"https:\/\/vdi.grupoamper.com\/es\/sobre-vdi\/\" class=\"more-link\">Leer m\u00e1s<span class=\"screen-reader-text\"> \u00abSobre VDI\u00bb<\/span><\/a><\/p>\n","protected":false},"author":5,"featured_media":0,"parent":0,"menu_order":0,"comment_status":"closed","ping_status":"closed","template":"page-templates\/no-title.php","meta":{"footnotes":""},"class_list":["post-178","page","type-page","status-publish","hentry"],"_links":{"self":[{"href":"https:\/\/vdi.grupoamper.com\/es\/wp-json\/wp\/v2\/pages\/178","targetHints":{"allow":["GET"]}}],"collection":[{"href":"https:\/\/vdi.grupoamper.com\/es\/wp-json\/wp\/v2\/pages"}],"about":[{"href":"https:\/\/vdi.grupoamper.com\/es\/wp-json\/wp\/v2\/types\/page"}],"author":[{"embeddable":true,"href":"https:\/\/vdi.grupoamper.com\/es\/wp-json\/wp\/v2\/users\/5"}],"replies":[{"embeddable":true,"href":"https:\/\/vdi.grupoamper.com\/es\/wp-json\/wp\/v2\/comments?post=178"}],"version-history":[{"count":23,"href":"https:\/\/vdi.grupoamper.com\/es\/wp-json\/wp\/v2\/pages\/178\/revisions"}],"predecessor-version":[{"id":401,"href":"https:\/\/vdi.grupoamper.com\/es\/wp-json\/wp\/v2\/pages\/178\/revisions\/401"}],"wp:attachment":[{"href":"https:\/\/vdi.grupoamper.com\/es\/wp-json\/wp\/v2\/media?parent=178"}],"curies":[{"name":"wp","href":"https:\/\/api.w.org\/{rel}","templated":true}]}}